{"id":247,"date":"2024-01-31T19:16:42","date_gmt":"2024-02-01T01:16:42","guid":{"rendered":"https:\/\/dondevamos.xyz\/festival-picnic\/?page_id=247"},"modified":"2024-02-10T09:52:28","modified_gmt":"2024-02-10T15:52:28","slug":"residente","status":"publish","type":"page","link":"https:\/\/dondevamos.xyz\/festival-picnic\/conciertos\/residente\/","title":{"rendered":"Concierto de Residente en Costa Rica 2024"},"content":{"rendered":"\n<p class=\"has-x-large-font-size\"><strong>Artistas del Picnic: Residente<\/strong><\/p>\n\n\n\n<figure class=\"wp-block-image aligncenter size-large is-resized\"><img decoding=\"async\" width=\"909\" height=\"1024\" data-src=\"https:\/\/dondevamos.xyz\/festival-picnic\/wp-content\/uploads\/sites\/9\/2024\/01\/residente-costa-rica-03-909x1024.jpg\" alt=\"concierto residente 2024 costa rica\" class=\"wp-image-223 lazyload\" style=\"--smush-placeholder-width: 909px; --smush-placeholder-aspect-ratio: 909\/1024;width:auto;height:450px\" data-srcset=\"https:\/\/dondevamos.xyz\/festival-picnic\/wp-content\/uploads\/sites\/9\/2024\/01\/residente-costa-rica-03-909x1024.jpg 909w, https:\/\/dondevamos.xyz\/festival-picnic\/wp-content\/uploads\/sites\/9\/2024\/01\/residente-costa-rica-03-266x300.jpg 266w, https:\/\/dondevamos.xyz\/festival-picnic\/wp-content\/uploads\/sites\/9\/2024\/01\/residente-costa-rica-03-768x865.jpg 768w, https:\/\/dondevamos.xyz\/festival-picnic\/wp-content\/uploads\/sites\/9\/2024\/01\/residente-costa-rica-03-1363x1536.jpg 1363w, https:\/\/dondevamos.xyz\/festival-picnic\/wp-content\/uploads\/sites\/9\/2024\/01\/residente-costa-rica-03.jpg 1420w\" data-sizes=\"(max-width: 909px) 100vw, 909px\" src=\"data:image\/svg+xml;base64,PHN2ZyB3aWR0aD0iMSIgaGVpZ2h0PSIxIiB4bWxucz0iaHR0cDovL3d3dy53My5vcmcvMjAwMC9zdmciPjwvc3ZnPg==\" \/><figcaption class=\"wp-element-caption\">Foto: <a href=\"https:\/\/www.facebook.com\/residente\/\" target=\"_blank\" rel=\"noopener\">Facebook Residente<\/a><\/figcaption><\/figure>\n\n\n\n<figure class=\"wp-block-table has-medium-font-size\"><table class=\"has-base-2-background-color has-background\"><tbody><tr><td><strong>Nombre verdadero<\/strong><\/td><td>Ren\u00e9 P\u00e9rez Joglar<\/td><\/tr><tr><td><strong>Nacionalidad<\/strong><\/td><td>Puertorrique\u00f1o<\/td><\/tr><tr><td><strong>Edad<\/strong><\/td><td>45<\/td><\/tr><tr><td><strong>G\u00e9neros Musicales<\/strong><\/td><td>Rap &#8211; Hip Hop &#8211; Reggaeton<\/td><\/tr><\/tbody><\/table><\/figure>\n\n\n\n<p>Con una carrera excepcional, Residente, ha dejado una huella indeleble en la escena musical global. Ha explorado una diversidad de g\u00e9neros musicales, desde el rap y reguet\u00f3n hasta fusiones experimentales. Fue la voz principal de Calle 13 hasta el 2014, y desde entonces ha tenido su propia carrera como solista. Adem\u00e1s la m\u00fasica, a Residente se le conoce porque no le da miedo hablar de temas sociales y pol\u00edticos en el escenario, sin importar a qui\u00e9n enoje al hacerlo. <\/p>\n\n\n\n<p>Se estar\u00e1 presentando en el <a data-type=\"page\" data-id=\"18\" href=\"https:\/\/dondevamos.xyz\/festival-picnic\/\">festival Picnic 2024<\/a>, el 10 de febrero. Residente est\u00e1 en <strong>Stage Picnic, a las 9:20 PM<\/strong>.<\/p>\n\n\n\n<h2 class=\"wp-block-heading\">Playlists de Residente<\/h2>\n\n\n\n<p>Tanto en Youtube como en Spotify, podemos encontrar playlists con las mejores canciones y conciertos de este artista.<\/p>\n\n\n\n<h2 class=\"wp-block-heading\">La Historia de Residente<\/h2>\n\n\n\n<p>Naci\u00f3 el 23 de febrero en Hato Rey, Puerto Rico. Sus padres participaron de la m\u00fasica y las artes, adem\u00e1s de estar asociados a movimientos sociales y revolucionarios de diversos tipos, entre ellos las brigadas cubanas y de la Nicaragua sandinista. <\/p>\n\n\n\n<p>Estudi\u00f3 Ciencias Pol\u00edticas y Derecho en la Universidad de Puerto Rico, tiene estudios en la Escuela de Artes Pl\u00e1sticas de San Juan, y adem\u00e1s un posgrado en Bellas Artes del Savannah College of Art and Design.<\/p>\n\n\n\n<p>Su nombre \u00abResidente\u00bb sali\u00f3 de su \u00e9poca en la urbanizaci\u00f3n de Trujillo Alto, cada vez que llegaba a casa ten\u00eda que identificarse como residente con el guarda, para que lo dejaran entrar. <\/p>\n\n\n\n<p>Alrededor del 2004, junto con su hermano Eduardo Cabra (conocido como Visitante), form\u00f3 el grupo Calle 13. Sacaron su primer video musical y su primer album en el 2005. En su a\u00f1o debut, lograron enojar al FBI haciendo viral una canci\u00f3n contra esta agencia, a ra\u00edz del asesinato del activista puertorrique\u00f1o Filiberto Ojeda R\u00edos.<\/p>\n\n\n\n<figure class=\"wp-block-embed is-type-video is-provider-youtube wp-block-embed-youtube wp-embed-aspect-4-3 wp-has-aspect-ratio\"><div class=\"wp-block-embed__wrapper\">\n<iframe title=\"Residente Calle 13 - Querido FBI\" width=\"500\" height=\"375\" data-src=\"https:\/\/www.youtube.com\/embed\/WkEy_aeFcec?feature=oembed\" frameborder=\"0\" allow=\"accelerometer; autoplay; clipboard-write; encrypted-media; gyroscope; picture-in-picture; web-share\" referrerpolicy=\"strict-origin-when-cross-origin\" allowfullscreen src=\"data:image\/svg+xml;base64,PHN2ZyB3aWR0aD0iMSIgaGVpZ2h0PSIxIiB4bWxucz0iaHR0cDovL3d3dy53My5vcmcvMjAwMC9zdmciPjwvc3ZnPg==\" class=\"lazyload\" data-load-mode=\"1\"><\/iframe>\n<\/div><\/figure>\n\n\n\n<p>Residente sigui\u00f3 con Calle 13 hasta el a\u00f1o 2014, cuando los integrantes anunciaron que iban a dar un descanso al grupo musical, para continuar proyectos independientes.<\/p>\n\n\n\n<p>En el 2009, en Manizales, Colombia las autoridades locales le prohibieron un  concierto a Calle 13, a ra\u00edz de que Residente hab\u00eda salido en conciertos anteriores con una camiseta con el mensaje \u00abUribe Paramilitar Bases\u00bb. Este incidente resalt\u00f3 la naturaleza provocativa y contestataria de la m\u00fasica de Residente y Calle 13.<\/p>\n\n\n\n<p>Como artista independiente, public\u00f3 su \u00e1lbum \u00abResidente\u00bb en 2017. En esa misma \u00e9poca se pele\u00f3 con el cantante Tempo, quien critic\u00f3 el rumbo que estaba tomando el reggaet\u00f3n. La rivalidad entre ambos sigui\u00f3, y llev\u00f3 a Residente a publicar el single \u00abLa c\u00e1tedra\u00bb, que seg\u00fan \u00e9l rompi\u00f3 el record mundial de longitud de un rap, por tener 1900 palabras.<\/p>\n\n\n\n<p>Tempo y Residente se arreglaron m\u00e1s adelante ese mismo a\u00f1o, a ra\u00edz de su colaboraci\u00f3n por los damnificados del Hurac\u00e1n Mar\u00eda.<\/p>\n\n\n\n<p>Residente, fuera de Calle 13, ha producido 1 album y 7 singles. Tres de ellos singles han alcanzado nivel oro en Estados Unidos.<\/p>\n\n\n\n<p>Del 2017 hasta el momento, ha participado de m\u00faltiples giras y colaboraciones con otros artistas, adem\u00e1s de seguir haciendo impacto social, apoyando diversas causas en Puerto Rico y en todo el mundo. Entre otras causas, estuvo activo manifestado su apoyo al Paro Nacional de Colombia, durante la pandemia del COVID 19.<\/p>\n\n\n\n<p>Residente tiene una relaci\u00f3n con la actriz y modelo Kasia Marciniak. Tiene un hijo, Milo, con su esposa anterior Soledad Fandi\u00f1o, de la cual se divorci\u00f3 en 2018.<\/p>\n\n\n\n<h2 class=\"wp-block-heading\">Producci\u00f3n musical<\/h2>\n\n\n\n<p>Con Calle 13, Residente public\u00f3 5 albums:<\/p>\n\n\n\n<ul class=\"wp-block-list\">\n<li>Calle 13 (2005)- Disco platino.<\/li>\n\n\n\n<li>Residente o Visitante (2007) <\/li>\n\n\n\n<li>Los de atr\u00e1s vienen conmigo (2008)<\/li>\n\n\n\n<li>Entren los que quieran (2010)<\/li>\n\n\n\n<li>Multiviral (2014)<\/li>\n<\/ul>\n\n\n\n<p>Como independiente, tiene solo el album Residente (2017).<\/p>\n\n\n\n<ul class=\"wp-block-list\">\n<li><\/li>\n<\/ul>\n\n\n\n<figure class=\"wp-block-image aligncenter size-large is-resized\"><img decoding=\"async\" width=\"820\" height=\"1024\" data-src=\"https:\/\/dondevamos.xyz\/festival-picnic\/wp-content\/uploads\/sites\/9\/2024\/01\/residente-costa-rica-02-820x1024.jpg\" alt=\"residente picnic 2024\" class=\"wp-image-228 lazyload\" style=\"--smush-placeholder-width: 820px; --smush-placeholder-aspect-ratio: 820\/1024;width:350px\" data-srcset=\"https:\/\/dondevamos.xyz\/festival-picnic\/wp-content\/uploads\/sites\/9\/2024\/01\/residente-costa-rica-02-820x1024.jpg 820w, https:\/\/dondevamos.xyz\/festival-picnic\/wp-content\/uploads\/sites\/9\/2024\/01\/residente-costa-rica-02-240x300.jpg 240w, https:\/\/dondevamos.xyz\/festival-picnic\/wp-content\/uploads\/sites\/9\/2024\/01\/residente-costa-rica-02-768x959.jpg 768w, https:\/\/dondevamos.xyz\/festival-picnic\/wp-content\/uploads\/sites\/9\/2024\/01\/residente-costa-rica-02.jpg 1080w\" data-sizes=\"(max-width: 820px) 100vw, 820px\" src=\"data:image\/svg+xml;base64,PHN2ZyB3aWR0aD0iMSIgaGVpZ2h0PSIxIiB4bWxucz0iaHR0cDovL3d3dy53My5vcmcvMjAwMC9zdmciPjwvc3ZnPg==\" \/><figcaption class=\"wp-element-caption\">Foto: <a href=\"https:\/\/www.facebook.com\/residente\/\" target=\"_blank\" rel=\"noopener\">Facebook Residente<\/a><\/figcaption><\/figure>\n\n\n\n<h2 class=\"wp-block-heading\">Colaboraciones con otros artistas<\/h2>\n\n\n\n<p>En la \u00e9poca despu\u00e9s del 2017, Residente ha colaborado con muchos otros artistas, produciendo singles. Entre las colaboraciones m\u00e1s famosas est\u00e1n Sexo (2018) con Dillon Francis e ILe, Banana Papaya con Kany Garc\u00eda, Bellacoso con Bad Bunny y C\u00e1ntalo con Ricky Martin. Ha sido tambi\u00e9n invitado en singles de Julio Voltio, Shakira, K&#8217;naan, y Nelly Furtado, entre otros.<\/p>\n\n\n\n<h2 class=\"wp-block-heading\">Premios<\/h2>\n\n\n\n<p>Residente tiene numerosos premios y reconocimientos profesionales fuera de la m\u00fasica, entre ellos:<\/p>\n\n\n\n<ul class=\"wp-block-list\">\n<li>Medalla Ram\u00f3n Emeterio Betances, Puerto Rico<\/li>\n\n\n\n<li>Premio Rodolfo Walsh, Argentina<\/li>\n\n\n\n<li>Emisarios de Conciencia, Amnist\u00eda Internacional<\/li>\n<\/ul>\n\n\n\n<p>Como parte de Calle 13 acumul\u00f3 25 premios Grammy del 2003 al 2015, adem\u00e1s de 2 premios MTV Latinoam\u00e9rica, y una nominaci\u00f3n en Premios Billboard. Como independiente, tiene 1 Grammy, y 5 Grammy Latinos.<\/p>\n\n\n\n<figure class=\"wp-block-image aligncenter size-large is-resized\"><img decoding=\"async\" width=\"1024\" height=\"1024\" data-src=\"https:\/\/dondevamos.xyz\/festival-picnic\/wp-content\/uploads\/sites\/9\/2024\/01\/residente-costa-rica-05-1024x1024.jpg\" alt=\"entradas residente costa rica\" class=\"wp-image-225 lazyload\" style=\"--smush-placeholder-width: 1024px; --smush-placeholder-aspect-ratio: 1024\/1024;width:350px\" data-srcset=\"https:\/\/dondevamos.xyz\/festival-picnic\/wp-content\/uploads\/sites\/9\/2024\/01\/residente-costa-rica-05-1024x1024.jpg 1024w, https:\/\/dondevamos.xyz\/festival-picnic\/wp-content\/uploads\/sites\/9\/2024\/01\/residente-costa-rica-05-300x300.jpg 300w, https:\/\/dondevamos.xyz\/festival-picnic\/wp-content\/uploads\/sites\/9\/2024\/01\/residente-costa-rica-05-150x150.jpg 150w, https:\/\/dondevamos.xyz\/festival-picnic\/wp-content\/uploads\/sites\/9\/2024\/01\/residente-costa-rica-05-768x768.jpg 768w, https:\/\/dondevamos.xyz\/festival-picnic\/wp-content\/uploads\/sites\/9\/2024\/01\/residente-costa-rica-05-1536x1536.jpg 1536w, https:\/\/dondevamos.xyz\/festival-picnic\/wp-content\/uploads\/sites\/9\/2024\/01\/residente-costa-rica-05.jpg 1595w\" data-sizes=\"(max-width: 1024px) 100vw, 1024px\" src=\"data:image\/svg+xml;base64,PHN2ZyB3aWR0aD0iMSIgaGVpZ2h0PSIxIiB4bWxucz0iaHR0cDovL3d3dy53My5vcmcvMjAwMC9zdmciPjwvc3ZnPg==\" \/><figcaption class=\"wp-element-caption\">Foto: <a href=\"https:\/\/www.facebook.com\/residente\/\" target=\"_blank\" rel=\"noopener\">Facebook Residente<\/a><\/figcaption><\/figure>\n<!-- AddThis Advanced Settings generic via filter on the_content --><!-- AddThis Share Buttons generic via filter on the_content -->","protected":false},"excerpt":{"rendered":"<p>Artistas del Picnic: Residente Nombre verdadero Ren\u00e9 P\u00e9rez Joglar Nacionalidad Puertorrique\u00f1o Edad 45 G\u00e9neros Musicales Rap &#8211; Hip Hop &#8211; Reggaeton Con una carrera excepcional, Residente, ha dejado una huella indeleble en la escena musical global. Ha explorado una diversidad de g\u00e9neros musicales, desde el rap y reguet\u00f3n hasta fusiones experimentales. Fue la voz principal [&hellip;]<!-- AddThis Advanced Settings generic via filter on get_the_excerpt --><!-- AddThis Share Buttons generic via filter on get_the_excerpt --><\/p>\n","protected":false},"author":2,"featured_media":228,"parent":94,"menu_order":0,"comment_status":"closed","ping_status":"closed","template":"","meta":{"footnotes":""},"class_list":["post-247","page","type-page","status-publish","has-post-thumbnail","hentry"],"yoast_head":"<!-- This site is optimized with the Yoast SEO plugin v27.5 - https:\/\/yoast.com\/product\/yoast-seo-wordpress\/ -->\n<title>Concierto de Residente en Costa Rica 2024 - Festival Picnic 2024<\/title>\n<meta name=\"description\" content=\"Residente, el ex-cantante de Calle 13, va a estar en concierto en febrero en Costa Rica. Aqu\u00ed informaci\u00f3n de fechas y del artista.\" \/>\n<meta name=\"robots\" content=\"index, follow, max-snippet:-1, max-image-preview:large, max-video-preview:-1\" \/>\n<link rel=\"canonical\" href=\"https:\/\/dondevamos.xyz\/festival-picnic\/conciertos\/residente\/\" \/>\n<meta property=\"og:locale\" content=\"es_ES\" \/>\n<meta property=\"og:type\" content=\"article\" \/>\n<meta property=\"og:title\" content=\"Concierto de Residente en Costa Rica 2024 - Festival Picnic 2024\" \/>\n<meta property=\"og:description\" content=\"Residente, el ex-cantante de Calle 13, va a estar en concierto en febrero en Costa Rica. Aqu\u00ed informaci\u00f3n de fechas y del artista.\" \/>\n<meta property=\"og:url\" content=\"https:\/\/dondevamos.xyz\/festival-picnic\/conciertos\/residente\/\" \/>\n<meta property=\"og:site_name\" content=\"Festival Picnic 2024\" \/>\n<meta property=\"article:modified_time\" content=\"2024-02-10T15:52:28+00:00\" \/>\n<meta property=\"og:image\" content=\"https:\/\/dondevamos.xyz\/festival-picnic\/wp-content\/uploads\/sites\/9\/2024\/01\/residente-costa-rica-02.jpg\" \/>\n\t<meta property=\"og:image:width\" content=\"1080\" \/>\n\t<meta property=\"og:image:height\" content=\"1349\" \/>\n\t<meta property=\"og:image:type\" content=\"image\/jpeg\" \/>\n<meta name=\"twitter:card\" content=\"summary_large_image\" \/>\n<meta name=\"twitter:label1\" content=\"Tiempo de lectura\" \/>\n\t<meta name=\"twitter:data1\" content=\"5 minutos\" \/>\n<script type=\"application\/ld+json\" class=\"yoast-schema-graph\">{\"@context\":\"https:\\\/\\\/schema.org\",\"@graph\":[{\"@type\":\"WebPage\",\"@id\":\"https:\\\/\\\/dondevamos.xyz\\\/festival-picnic\\\/conciertos\\\/residente\\\/\",\"url\":\"https:\\\/\\\/dondevamos.xyz\\\/festival-picnic\\\/conciertos\\\/residente\\\/\",\"name\":\"Concierto de Residente en Costa Rica 2024 - Festival Picnic 2024\",\"isPartOf\":{\"@id\":\"https:\\\/\\\/dondevamos.xyz\\\/festival-picnic\\\/#website\"},\"primaryImageOfPage\":{\"@id\":\"https:\\\/\\\/dondevamos.xyz\\\/festival-picnic\\\/conciertos\\\/residente\\\/#primaryimage\"},\"image\":{\"@id\":\"https:\\\/\\\/dondevamos.xyz\\\/festival-picnic\\\/conciertos\\\/residente\\\/#primaryimage\"},\"thumbnailUrl\":\"https:\\\/\\\/dondevamos.xyz\\\/festival-picnic\\\/wp-content\\\/uploads\\\/sites\\\/9\\\/2024\\\/01\\\/residente-costa-rica-02.jpg\",\"datePublished\":\"2024-02-01T01:16:42+00:00\",\"dateModified\":\"2024-02-10T15:52:28+00:00\",\"description\":\"Residente, el ex-cantante de Calle 13, va a estar en concierto en febrero en Costa Rica. Aqu\u00ed informaci\u00f3n de fechas y del artista.\",\"breadcrumb\":{\"@id\":\"https:\\\/\\\/dondevamos.xyz\\\/festival-picnic\\\/conciertos\\\/residente\\\/#breadcrumb\"},\"inLanguage\":\"es\",\"potentialAction\":[{\"@type\":\"ReadAction\",\"target\":[\"https:\\\/\\\/dondevamos.xyz\\\/festival-picnic\\\/conciertos\\\/residente\\\/\"]}]},{\"@type\":\"ImageObject\",\"inLanguage\":\"es\",\"@id\":\"https:\\\/\\\/dondevamos.xyz\\\/festival-picnic\\\/conciertos\\\/residente\\\/#primaryimage\",\"url\":\"https:\\\/\\\/dondevamos.xyz\\\/festival-picnic\\\/wp-content\\\/uploads\\\/sites\\\/9\\\/2024\\\/01\\\/residente-costa-rica-02.jpg\",\"contentUrl\":\"https:\\\/\\\/dondevamos.xyz\\\/festival-picnic\\\/wp-content\\\/uploads\\\/sites\\\/9\\\/2024\\\/01\\\/residente-costa-rica-02.jpg\",\"width\":1080,\"height\":1349,\"caption\":\"Foto: Facebook Residente\"},{\"@type\":\"BreadcrumbList\",\"@id\":\"https:\\\/\\\/dondevamos.xyz\\\/festival-picnic\\\/conciertos\\\/residente\\\/#breadcrumb\",\"itemListElement\":[{\"@type\":\"ListItem\",\"position\":1,\"name\":\"Portada\",\"item\":\"https:\\\/\\\/dondevamos.xyz\\\/festival-picnic\\\/\"},{\"@type\":\"ListItem\",\"position\":2,\"name\":\"Conciertos festival Picnic 2024\",\"item\":\"https:\\\/\\\/dondevamos.xyz\\\/festival-picnic\\\/conciertos\\\/\"},{\"@type\":\"ListItem\",\"position\":3,\"name\":\"Concierto de Residente en Costa Rica 2024\"}]},{\"@type\":\"WebSite\",\"@id\":\"https:\\\/\\\/dondevamos.xyz\\\/festival-picnic\\\/#website\",\"url\":\"https:\\\/\\\/dondevamos.xyz\\\/festival-picnic\\\/\",\"name\":\"Festival Picnic 2024\",\"description\":\"Informaci\u00f3n del festival Picnic 2024\",\"publisher\":{\"@id\":\"https:\\\/\\\/dondevamos.xyz\\\/festival-picnic\\\/#organization\"},\"potentialAction\":[{\"@type\":\"SearchAction\",\"target\":{\"@type\":\"EntryPoint\",\"urlTemplate\":\"https:\\\/\\\/dondevamos.xyz\\\/festival-picnic\\\/?s={search_term_string}\"},\"query-input\":{\"@type\":\"PropertyValueSpecification\",\"valueRequired\":true,\"valueName\":\"search_term_string\"}}],\"inLanguage\":\"es\"},{\"@type\":\"Organization\",\"@id\":\"https:\\\/\\\/dondevamos.xyz\\\/festival-picnic\\\/#organization\",\"name\":\"Dondevamos XYZ\",\"alternateName\":\"Donde Vamos: Festival Picnic\",\"url\":\"https:\\\/\\\/dondevamos.xyz\\\/festival-picnic\\\/\",\"logo\":{\"@type\":\"ImageObject\",\"inLanguage\":\"es\",\"@id\":\"https:\\\/\\\/dondevamos.xyz\\\/festival-picnic\\\/#\\\/schema\\\/logo\\\/image\\\/\",\"url\":\"https:\\\/\\\/dondevamos.xyz\\\/festival-picnic\\\/wp-content\\\/uploads\\\/sites\\\/9\\\/2024\\\/01\\\/dondevamos.jpeg\",\"contentUrl\":\"https:\\\/\\\/dondevamos.xyz\\\/festival-picnic\\\/wp-content\\\/uploads\\\/sites\\\/9\\\/2024\\\/01\\\/dondevamos.jpeg\",\"width\":200,\"height\":200,\"caption\":\"Dondevamos XYZ\"},\"image\":{\"@id\":\"https:\\\/\\\/dondevamos.xyz\\\/festival-picnic\\\/#\\\/schema\\\/logo\\\/image\\\/\"}}]}<\/script>\n<!-- \/ Yoast SEO plugin. -->","yoast_head_json":{"title":"Concierto de Residente en Costa Rica 2024 - Festival Picnic 2024","description":"Residente, el ex-cantante de Calle 13, va a estar en concierto en febrero en Costa Rica. Aqu\u00ed informaci\u00f3n de fechas y del artista.","robots":{"index":"index","follow":"follow","max-snippet":"max-snippet:-1","max-image-preview":"max-image-preview:large","max-video-preview":"max-video-preview:-1"},"canonical":"https:\/\/dondevamos.xyz\/festival-picnic\/conciertos\/residente\/","og_locale":"es_ES","og_type":"article","og_title":"Concierto de Residente en Costa Rica 2024 - Festival Picnic 2024","og_description":"Residente, el ex-cantante de Calle 13, va a estar en concierto en febrero en Costa Rica. Aqu\u00ed informaci\u00f3n de fechas y del artista.","og_url":"https:\/\/dondevamos.xyz\/festival-picnic\/conciertos\/residente\/","og_site_name":"Festival Picnic 2024","article_modified_time":"2024-02-10T15:52:28+00:00","og_image":[{"width":1080,"height":1349,"url":"https:\/\/dondevamos.xyz\/festival-picnic\/wp-content\/uploads\/sites\/9\/2024\/01\/residente-costa-rica-02.jpg","type":"image\/jpeg"}],"twitter_card":"summary_large_image","twitter_misc":{"Tiempo de lectura":"5 minutos"},"schema":{"@context":"https:\/\/schema.org","@graph":[{"@type":"WebPage","@id":"https:\/\/dondevamos.xyz\/festival-picnic\/conciertos\/residente\/","url":"https:\/\/dondevamos.xyz\/festival-picnic\/conciertos\/residente\/","name":"Concierto de Residente en Costa Rica 2024 - Festival Picnic 2024","isPartOf":{"@id":"https:\/\/dondevamos.xyz\/festival-picnic\/#website"},"primaryImageOfPage":{"@id":"https:\/\/dondevamos.xyz\/festival-picnic\/conciertos\/residente\/#primaryimage"},"image":{"@id":"https:\/\/dondevamos.xyz\/festival-picnic\/conciertos\/residente\/#primaryimage"},"thumbnailUrl":"https:\/\/dondevamos.xyz\/festival-picnic\/wp-content\/uploads\/sites\/9\/2024\/01\/residente-costa-rica-02.jpg","datePublished":"2024-02-01T01:16:42+00:00","dateModified":"2024-02-10T15:52:28+00:00","description":"Residente, el ex-cantante de Calle 13, va a estar en concierto en febrero en Costa Rica. Aqu\u00ed informaci\u00f3n de fechas y del artista.","breadcrumb":{"@id":"https:\/\/dondevamos.xyz\/festival-picnic\/conciertos\/residente\/#breadcrumb"},"inLanguage":"es","potentialAction":[{"@type":"ReadAction","target":["https:\/\/dondevamos.xyz\/festival-picnic\/conciertos\/residente\/"]}]},{"@type":"ImageObject","inLanguage":"es","@id":"https:\/\/dondevamos.xyz\/festival-picnic\/conciertos\/residente\/#primaryimage","url":"https:\/\/dondevamos.xyz\/festival-picnic\/wp-content\/uploads\/sites\/9\/2024\/01\/residente-costa-rica-02.jpg","contentUrl":"https:\/\/dondevamos.xyz\/festival-picnic\/wp-content\/uploads\/sites\/9\/2024\/01\/residente-costa-rica-02.jpg","width":1080,"height":1349,"caption":"Foto: Facebook Residente"},{"@type":"BreadcrumbList","@id":"https:\/\/dondevamos.xyz\/festival-picnic\/conciertos\/residente\/#breadcrumb","itemListElement":[{"@type":"ListItem","position":1,"name":"Portada","item":"https:\/\/dondevamos.xyz\/festival-picnic\/"},{"@type":"ListItem","position":2,"name":"Conciertos festival Picnic 2024","item":"https:\/\/dondevamos.xyz\/festival-picnic\/conciertos\/"},{"@type":"ListItem","position":3,"name":"Concierto de Residente en Costa Rica 2024"}]},{"@type":"WebSite","@id":"https:\/\/dondevamos.xyz\/festival-picnic\/#website","url":"https:\/\/dondevamos.xyz\/festival-picnic\/","name":"Festival Picnic 2024","description":"Informaci\u00f3n del festival Picnic 2024","publisher":{"@id":"https:\/\/dondevamos.xyz\/festival-picnic\/#organization"},"potentialAction":[{"@type":"SearchAction","target":{"@type":"EntryPoint","urlTemplate":"https:\/\/dondevamos.xyz\/festival-picnic\/?s={search_term_string}"},"query-input":{"@type":"PropertyValueSpecification","valueRequired":true,"valueName":"search_term_string"}}],"inLanguage":"es"},{"@type":"Organization","@id":"https:\/\/dondevamos.xyz\/festival-picnic\/#organization","name":"Dondevamos XYZ","alternateName":"Donde Vamos: Festival Picnic","url":"https:\/\/dondevamos.xyz\/festival-picnic\/","logo":{"@type":"ImageObject","inLanguage":"es","@id":"https:\/\/dondevamos.xyz\/festival-picnic\/#\/schema\/logo\/image\/","url":"https:\/\/dondevamos.xyz\/festival-picnic\/wp-content\/uploads\/sites\/9\/2024\/01\/dondevamos.jpeg","contentUrl":"https:\/\/dondevamos.xyz\/festival-picnic\/wp-content\/uploads\/sites\/9\/2024\/01\/dondevamos.jpeg","width":200,"height":200,"caption":"Dondevamos XYZ"},"image":{"@id":"https:\/\/dondevamos.xyz\/festival-picnic\/#\/schema\/logo\/image\/"}}]}},"_links":{"self":[{"href":"https:\/\/dondevamos.xyz\/festival-picnic\/wp-json\/wp\/v2\/pages\/247","targetHints":{"allow":["GET"]}}],"collection":[{"href":"https:\/\/dondevamos.xyz\/festival-picnic\/wp-json\/wp\/v2\/pages"}],"about":[{"href":"https:\/\/dondevamos.xyz\/festival-picnic\/wp-json\/wp\/v2\/types\/page"}],"author":[{"embeddable":true,"href":"https:\/\/dondevamos.xyz\/festival-picnic\/wp-json\/wp\/v2\/users\/2"}],"replies":[{"embeddable":true,"href":"https:\/\/dondevamos.xyz\/festival-picnic\/wp-json\/wp\/v2\/comments?post=247"}],"version-history":[{"count":3,"href":"https:\/\/dondevamos.xyz\/festival-picnic\/wp-json\/wp\/v2\/pages\/247\/revisions"}],"predecessor-version":[{"id":359,"href":"https:\/\/dondevamos.xyz\/festival-picnic\/wp-json\/wp\/v2\/pages\/247\/revisions\/359"}],"up":[{"embeddable":true,"href":"https:\/\/dondevamos.xyz\/festival-picnic\/wp-json\/wp\/v2\/pages\/94"}],"wp:featuredmedia":[{"embeddable":true,"href":"https:\/\/dondevamos.xyz\/festival-picnic\/wp-json\/wp\/v2\/media\/228"}],"wp:attachment":[{"href":"https:\/\/dondevamos.xyz\/festival-picnic\/wp-json\/wp\/v2\/media?parent=247"}],"curies":[{"name":"wp","href":"https:\/\/api.w.org\/{rel}","templated":true}]}}