{"id":33,"date":"2017-11-22T04:09:26","date_gmt":"2017-11-22T10:09:26","guid":{"rendered":"https:\/\/fiestas.cr\/festival-de-la-luz\/?page_id=33"},"modified":"2024-12-15T18:59:26","modified_gmt":"2024-12-16T00:59:26","slug":"entradas-festival-la-luz","status":"publish","type":"page","link":"https:\/\/dondevamos.xyz\/festival-de-la-luz\/entradas-festival-la-luz\/","title":{"rendered":"Entradas para el Festival de la Luz 2025"},"content":{"rendered":"<div class=\"wp-block-image size-medium wp-image-14\">\n<figure class=\"alignleft\"><img decoding=\"async\" width=\"300\" height=\"200\" data-src=\"https:\/\/dondevamos.xyz\/festival-de-la-luz\/wp-content\/uploads\/sites\/4\/2017\/11\/festival-de-la-luz-costa-rica-300x200.jpg\" alt=\"festival de la Luz 2025 costa rica\" class=\"wp-image-14 lazyload\" data-srcset=\"https:\/\/dondevamos.xyz\/festival-de-la-luz\/wp-content\/uploads\/sites\/4\/2017\/11\/festival-de-la-luz-costa-rica-300x200.jpg 300w, https:\/\/dondevamos.xyz\/festival-de-la-luz\/wp-content\/uploads\/sites\/4\/2017\/11\/festival-de-la-luz-costa-rica.jpg 432w\" data-sizes=\"(max-width: 300px) 100vw, 300px\" src=\"data:image\/svg+xml;base64,PHN2ZyB3aWR0aD0iMSIgaGVpZ2h0PSIxIiB4bWxucz0iaHR0cDovL3d3dy53My5vcmcvMjAwMC9zdmciPjwvc3ZnPg==\" style=\"--smush-placeholder-width: 300px; --smush-placeholder-aspect-ratio: 300\/200;\" \/><figcaption class=\"wp-element-caption\">Foto: <a href=\"https:\/\/www.facebook.com\/festivaldelaluzcr\/\" target=\"_blank\" rel=\"noopener noreferrer\">Mun. de San Jose<\/a><\/figcaption><\/figure>\n<\/div>\n\n\n<p>El <strong>Festival de la Luz de Costa Rica<\/strong> es un evento que se hace en la v\u00eda p\u00fablica y asistencia libre para cualquiera que quiera ir. No hay que pagar! Nada m\u00e1s hay que llegar al centro de San Jos\u00e9 el s\u00e1bado 13 de diciembre en horas de la tarde y buscar un lugar para ver el evento.<\/p>\n\n\n\n<p>Pero si quieren una vista excepcional de las carrozas y mayor comodidad para disfrutar del evento, lo mejor es conseguir asiento en una de las tarimas! El acceso a las tarimas del Festival de la Luz 2025 es con entrada, y hay que comprar las entradas previamente.<\/p>\n\n\n\n<h2 class=\"wp-block-heading\">Entradas al Festival de la Luz 2025 para personas con discapacidad<\/h2>\n\n\n\n<p>En el Festival de la Luz hay espacios reservados para personas con discapacidad, que no puedan disfrutar del festival f\u00e1cilmente en las aceras u otros espacios. Para ingresar a estos espacios se ocupa una entrada especial, que da la Muncipalidad de San Jos\u00e9. Normalmente se da una entrada por persona con discapacidad, y si requiere la asistencia de un acompa\u00f1ante, tambi\u00e9n se le puede dar entrada al acompa\u00f1ante.<\/p>\n\n\n\n<p>Por el momento no se ha anunciado la informaci\u00f3n de las tarimas especiales del Festival de la Luz. Pero apenas tengamos informaci\u00f3n, la ponemos por ac\u00e1!<\/p>\n\n\n\n<p><\/p>\n\n\n\n<h2 class=\"wp-block-heading\">A d\u00f3nde comprar las entradas para el Festival de la Luz y cu\u00e1nto cuestan?<\/h2>\n\n\n\n<p>Si lo que busca es una <strong>entrada para personas con discapacidad<\/strong>, debe consultar a los n\u00fameros de atenci\u00f3n que se dan arriba. Las entradas que se describen en esta secci\u00f3n, son para los que no requieren una entrada para persona con discapacidad.<\/p>\n\n\n\n<p><strong>No hagan caso a gente que les ofrezca entradas por otros medios<\/strong>. En caso de duda, llamen a la Fundaci\u00f3n antes de hacer cualquier pago!<\/p>\n\n\n\n<p>Todos los a\u00f1os, alrededor de noviembre, se va anunciando cu\u00e1l va a ser la asociaci\u00f3n o entidad encargada de comercializar las entradas para las tarimas del Festival de la Luz. Por el momento no hay informaci\u00f3n de la encargada para el Festival de la Luz 2025.<\/p>\n\n\n\n<h2 class=\"wp-block-heading\">A d\u00f3nde va a estar la tarima del festival de la luz?<\/h2>\n\n\n\n<p>La tarima generalmente est\u00e1 ubicada en Paseo Col\u00f3n, al inicio cerca de la estatua de Le\u00f3n Cort\u00e9s.<\/p>\n\n\n\n<p>Las entradas para el Festival de la Luz siempre se agotan r\u00e1pido, a los pocos d\u00edas de ponerse a la venta, por lo que si quieren ver el Festival desde las grader\u00edas, es mejor que llamen lo m\u00e1s pronto posible.<\/p>\n\n\n\n<h2 class=\"wp-block-heading\">Sugerencias para disfrutar el Festival de la Luz desde la tarima!<\/h2>\n\n\n\n<ul class=\"wp-block-list\">\n<li>Recuerde llevar abrigo y sombrilla. En diciembre hace fr\u00edo, y la tarima es al aire libre. Y este a\u00f1o el verano est\u00e1 entrando tarde, por lo que podr\u00eda haber algo de lluvia.<\/li>\n\n\n\n<li>Llegue con suficiente tiempo. Una buena hora para estar en el centro de San Jos\u00e9 es a las 4 o 5 de la tarde.<\/li>\n\n\n\n<li>Si va con personas que tengan discapacidad o requieran de asistencia especial, contacte previamente a la Asociaci\u00f3n para que lo puedan tener en cuenta.<\/li>\n\n\n\n<li>El montaje de las tarimas para el festival de la Luz 2025 empieza desde mediados de semana (mi\u00e9rcoles o jueves) En esas fechas Paseo Col\u00f3n y Avenida 2 se cierran a partir de las 9 de la noche para instalar las grader\u00edas. Durante el d\u00eda, no hay cierres, solo el d\u00eda del Festival de la Luz.<\/li>\n\n\n\n<li>El Paseo Col\u00f3n y Avenida 2 se cierran desde el d\u00eda antes del Festival de la Luz (12 de diciembre), y se reabren hasta las primeras horas del 14 de diciembre. Si va en carro, tiene que dejarlo en un parqueo cercano, y caminar las cuadras hasta llegar a Paseo Col\u00f3n. <strong>El 14 de diciembre, Paseo Col\u00f3n y Avenida 2 est\u00e1n totalmente cerrados al tr\u00e1nsito vehicular<\/strong>, durante todo el d\u00eda. Es hasta la madrugada del domingo que reabren.<\/li>\n\n\n\n<li>El d\u00eda del Festival las aceras est\u00e1n llenas de gente, por lo que llegar hasta la grader\u00eda puede durar m\u00e1s de lo esperado. No olvide llegar temprano!<\/li>\n<\/ul>\n\n\n<div class=\"wp-block-image size-medium wp-image-17\">\n<figure class=\"aligncenter\"><img decoding=\"async\" width=\"300\" height=\"200\" data-src=\"https:\/\/dondevamos.xyz\/festival-de-la-luz\/wp-content\/uploads\/sites\/4\/2017\/11\/festival-de-la-luz-costa-rica-4-300x200.jpg\" alt=\"entradas festival de la Luz 2025 costa rica\" class=\"wp-image-17 lazyload\" data-srcset=\"https:\/\/dondevamos.xyz\/festival-de-la-luz\/wp-content\/uploads\/sites\/4\/2017\/11\/festival-de-la-luz-costa-rica-4-300x200.jpg 300w, https:\/\/dondevamos.xyz\/festival-de-la-luz\/wp-content\/uploads\/sites\/4\/2017\/11\/festival-de-la-luz-costa-rica-4-768x512.jpg 768w, https:\/\/dondevamos.xyz\/festival-de-la-luz\/wp-content\/uploads\/sites\/4\/2017\/11\/festival-de-la-luz-costa-rica-4.jpg 960w\" data-sizes=\"(max-width: 300px) 100vw, 300px\" src=\"data:image\/svg+xml;base64,PHN2ZyB3aWR0aD0iMSIgaGVpZ2h0PSIxIiB4bWxucz0iaHR0cDovL3d3dy53My5vcmcvMjAwMC9zdmciPjwvc3ZnPg==\" style=\"--smush-placeholder-width: 300px; --smush-placeholder-aspect-ratio: 300\/200;\" \/><figcaption class=\"wp-element-caption\">Foto: <a href=\"https:\/\/www.facebook.com\/festivaldelaluzcr\/\" target=\"_blank\" rel=\"noopener noreferrer\">Mun. de San Jos\u00e9<\/a><\/figcaption><\/figure>\n<\/div><!-- AddThis Advanced Settings generic via filter on the_content --><!-- AddThis Share Buttons generic via filter on the_content -->","protected":false},"excerpt":{"rendered":"<p>El Festival de la Luz de Costa Rica es un evento que se hace en la v\u00eda p\u00fablica y asistencia libre para cualquiera que quiera ir. No hay que pagar! Nada m\u00e1s hay que llegar al centro de San Jos\u00e9 el s\u00e1bado 13 de diciembre en horas de la tarde y buscar un lugar para\u2026 <span class=\"read-more\"><a href=\"https:\/\/dondevamos.xyz\/festival-de-la-luz\/entradas-festival-la-luz\/\">Leer m\u00e1s &raquo;<\/a><\/span><!-- AddThis Advanced Settings generic via filter on get_the_excerpt --><!-- AddThis Share Buttons generic via filter on get_the_excerpt --><\/p>\n","protected":false},"author":2,"featured_media":35,"parent":0,"menu_order":0,"comment_status":"closed","ping_status":"closed","template":"page-templates\/full-width.php","meta":{"footnotes":""},"class_list":["post-33","page","type-page","status-publish","has-post-thumbnail","hentry"],"yoast_head":"<!-- This site is optimized with the Yoast SEO plugin v27.5 - https:\/\/yoast.com\/product\/yoast-seo-wordpress\/ -->\n<title>Entradas para el Festival de la Luz 2025 - Festival de la Luz San Jos\u00e9<\/title>\n<meta name=\"description\" content=\"Si quiere ver el Festival de la Luz 2025 desde las tarimas, tiene que comprar una entrada. Aqu\u00ed la informaci\u00f3n de a d\u00f3nde comprar y cu\u00e1nto cuestan.\" \/>\n<meta name=\"robots\" content=\"index, follow, max-snippet:-1, max-image-preview:large, max-video-preview:-1\" \/>\n<link rel=\"canonical\" href=\"https:\/\/dondevamos.xyz\/festival-de-la-luz\/entradas-festival-la-luz\/\" \/>\n<meta property=\"og:locale\" content=\"es_ES\" \/>\n<meta property=\"og:type\" content=\"article\" \/>\n<meta property=\"og:title\" content=\"Entradas para el Festival de la Luz 2025 - Festival de la Luz San Jos\u00e9\" \/>\n<meta property=\"og:description\" content=\"Si quiere ver el Festival de la Luz 2025 desde las tarimas, tiene que comprar una entrada. Aqu\u00ed la informaci\u00f3n de a d\u00f3nde comprar y cu\u00e1nto cuestan.\" \/>\n<meta property=\"og:url\" content=\"https:\/\/dondevamos.xyz\/festival-de-la-luz\/entradas-festival-la-luz\/\" \/>\n<meta property=\"og:site_name\" content=\"Festival de la Luz San Jos\u00e9\" \/>\n<meta property=\"article:publisher\" content=\"https:\/\/www.facebook.com\/palmaresfansclub\" \/>\n<meta property=\"article:modified_time\" content=\"2024-12-16T00:59:26+00:00\" \/>\n<meta property=\"og:image\" content=\"https:\/\/dondevamos.xyz\/festival-de-la-luz\/wp-content\/uploads\/sites\/4\/2017\/11\/christmas-2933008_1920.jpg\" \/>\n\t<meta property=\"og:image:width\" content=\"1920\" \/>\n\t<meta property=\"og:image:height\" content=\"1357\" \/>\n\t<meta property=\"og:image:type\" content=\"image\/jpeg\" \/>\n<meta name=\"twitter:card\" content=\"summary_large_image\" \/>\n<meta name=\"twitter:site\" content=\"@palmaresfc\" \/>\n<meta name=\"twitter:label1\" content=\"Tiempo de lectura\" \/>\n\t<meta name=\"twitter:data1\" content=\"4 minutos\" \/>\n<script type=\"application\/ld+json\" class=\"yoast-schema-graph\">{\"@context\":\"https:\\\/\\\/schema.org\",\"@graph\":[{\"@type\":\"WebPage\",\"@id\":\"https:\\\/\\\/dondevamos.xyz\\\/festival-de-la-luz\\\/entradas-festival-la-luz\\\/\",\"url\":\"https:\\\/\\\/dondevamos.xyz\\\/festival-de-la-luz\\\/entradas-festival-la-luz\\\/\",\"name\":\"Entradas para el Festival de la Luz 2025 - Festival de la Luz San Jos\u00e9\",\"isPartOf\":{\"@id\":\"https:\\\/\\\/dondevamos.xyz\\\/festival-de-la-luz\\\/#website\"},\"primaryImageOfPage\":{\"@id\":\"https:\\\/\\\/dondevamos.xyz\\\/festival-de-la-luz\\\/entradas-festival-la-luz\\\/#primaryimage\"},\"image\":{\"@id\":\"https:\\\/\\\/dondevamos.xyz\\\/festival-de-la-luz\\\/entradas-festival-la-luz\\\/#primaryimage\"},\"thumbnailUrl\":\"https:\\\/\\\/dondevamos.xyz\\\/festival-de-la-luz\\\/wp-content\\\/uploads\\\/sites\\\/4\\\/2017\\\/11\\\/christmas-2933008_1920.jpg\",\"datePublished\":\"2017-11-22T10:09:26+00:00\",\"dateModified\":\"2024-12-16T00:59:26+00:00\",\"description\":\"Si quiere ver el Festival de la Luz 2025 desde las tarimas, tiene que comprar una entrada. Aqu\u00ed la informaci\u00f3n de a d\u00f3nde comprar y cu\u00e1nto cuestan.\",\"inLanguage\":\"es\",\"potentialAction\":[{\"@type\":\"ReadAction\",\"target\":[\"https:\\\/\\\/dondevamos.xyz\\\/festival-de-la-luz\\\/entradas-festival-la-luz\\\/\"]}]},{\"@type\":\"ImageObject\",\"inLanguage\":\"es\",\"@id\":\"https:\\\/\\\/dondevamos.xyz\\\/festival-de-la-luz\\\/entradas-festival-la-luz\\\/#primaryimage\",\"url\":\"https:\\\/\\\/dondevamos.xyz\\\/festival-de-la-luz\\\/wp-content\\\/uploads\\\/sites\\\/4\\\/2017\\\/11\\\/christmas-2933008_1920.jpg\",\"contentUrl\":\"https:\\\/\\\/dondevamos.xyz\\\/festival-de-la-luz\\\/wp-content\\\/uploads\\\/sites\\\/4\\\/2017\\\/11\\\/christmas-2933008_1920.jpg\",\"width\":1920,\"height\":1357,\"caption\":\"entradas festival de la luz 2017\"},{\"@type\":\"WebSite\",\"@id\":\"https:\\\/\\\/dondevamos.xyz\\\/festival-de-la-luz\\\/#website\",\"url\":\"https:\\\/\\\/dondevamos.xyz\\\/festival-de-la-luz\\\/\",\"name\":\"Festival de la Luz San Jos\u00e9\",\"description\":\"Otro sitio m\u00e1s de Donde vamos?\",\"potentialAction\":[{\"@type\":\"SearchAction\",\"target\":{\"@type\":\"EntryPoint\",\"urlTemplate\":\"https:\\\/\\\/dondevamos.xyz\\\/festival-de-la-luz\\\/?s={search_term_string}\"},\"query-input\":{\"@type\":\"PropertyValueSpecification\",\"valueRequired\":true,\"valueName\":\"search_term_string\"}}],\"inLanguage\":\"es\"}]}<\/script>\n<!-- \/ Yoast SEO plugin. -->","yoast_head_json":{"title":"Entradas para el Festival de la Luz 2025 - Festival de la Luz San Jos\u00e9","description":"Si quiere ver el Festival de la Luz 2025 desde las tarimas, tiene que comprar una entrada. Aqu\u00ed la informaci\u00f3n de a d\u00f3nde comprar y cu\u00e1nto cuestan.","robots":{"index":"index","follow":"follow","max-snippet":"max-snippet:-1","max-image-preview":"max-image-preview:large","max-video-preview":"max-video-preview:-1"},"canonical":"https:\/\/dondevamos.xyz\/festival-de-la-luz\/entradas-festival-la-luz\/","og_locale":"es_ES","og_type":"article","og_title":"Entradas para el Festival de la Luz 2025 - Festival de la Luz San Jos\u00e9","og_description":"Si quiere ver el Festival de la Luz 2025 desde las tarimas, tiene que comprar una entrada. Aqu\u00ed la informaci\u00f3n de a d\u00f3nde comprar y cu\u00e1nto cuestan.","og_url":"https:\/\/dondevamos.xyz\/festival-de-la-luz\/entradas-festival-la-luz\/","og_site_name":"Festival de la Luz San Jos\u00e9","article_publisher":"https:\/\/www.facebook.com\/palmaresfansclub","article_modified_time":"2024-12-16T00:59:26+00:00","og_image":[{"width":1920,"height":1357,"url":"https:\/\/dondevamos.xyz\/festival-de-la-luz\/wp-content\/uploads\/sites\/4\/2017\/11\/christmas-2933008_1920.jpg","type":"image\/jpeg"}],"twitter_card":"summary_large_image","twitter_site":"@palmaresfc","twitter_misc":{"Tiempo de lectura":"4 minutos"},"schema":{"@context":"https:\/\/schema.org","@graph":[{"@type":"WebPage","@id":"https:\/\/dondevamos.xyz\/festival-de-la-luz\/entradas-festival-la-luz\/","url":"https:\/\/dondevamos.xyz\/festival-de-la-luz\/entradas-festival-la-luz\/","name":"Entradas para el Festival de la Luz 2025 - Festival de la Luz San Jos\u00e9","isPartOf":{"@id":"https:\/\/dondevamos.xyz\/festival-de-la-luz\/#website"},"primaryImageOfPage":{"@id":"https:\/\/dondevamos.xyz\/festival-de-la-luz\/entradas-festival-la-luz\/#primaryimage"},"image":{"@id":"https:\/\/dondevamos.xyz\/festival-de-la-luz\/entradas-festival-la-luz\/#primaryimage"},"thumbnailUrl":"https:\/\/dondevamos.xyz\/festival-de-la-luz\/wp-content\/uploads\/sites\/4\/2017\/11\/christmas-2933008_1920.jpg","datePublished":"2017-11-22T10:09:26+00:00","dateModified":"2024-12-16T00:59:26+00:00","description":"Si quiere ver el Festival de la Luz 2025 desde las tarimas, tiene que comprar una entrada. Aqu\u00ed la informaci\u00f3n de a d\u00f3nde comprar y cu\u00e1nto cuestan.","inLanguage":"es","potentialAction":[{"@type":"ReadAction","target":["https:\/\/dondevamos.xyz\/festival-de-la-luz\/entradas-festival-la-luz\/"]}]},{"@type":"ImageObject","inLanguage":"es","@id":"https:\/\/dondevamos.xyz\/festival-de-la-luz\/entradas-festival-la-luz\/#primaryimage","url":"https:\/\/dondevamos.xyz\/festival-de-la-luz\/wp-content\/uploads\/sites\/4\/2017\/11\/christmas-2933008_1920.jpg","contentUrl":"https:\/\/dondevamos.xyz\/festival-de-la-luz\/wp-content\/uploads\/sites\/4\/2017\/11\/christmas-2933008_1920.jpg","width":1920,"height":1357,"caption":"entradas festival de la luz 2017"},{"@type":"WebSite","@id":"https:\/\/dondevamos.xyz\/festival-de-la-luz\/#website","url":"https:\/\/dondevamos.xyz\/festival-de-la-luz\/","name":"Festival de la Luz San Jos\u00e9","description":"Otro sitio m\u00e1s de Donde vamos?","potentialAction":[{"@type":"SearchAction","target":{"@type":"EntryPoint","urlTemplate":"https:\/\/dondevamos.xyz\/festival-de-la-luz\/?s={search_term_string}"},"query-input":{"@type":"PropertyValueSpecification","valueRequired":true,"valueName":"search_term_string"}}],"inLanguage":"es"}]}},"_links":{"self":[{"href":"https:\/\/dondevamos.xyz\/festival-de-la-luz\/wp-json\/wp\/v2\/pages\/33","targetHints":{"allow":["GET"]}}],"collection":[{"href":"https:\/\/dondevamos.xyz\/festival-de-la-luz\/wp-json\/wp\/v2\/pages"}],"about":[{"href":"https:\/\/dondevamos.xyz\/festival-de-la-luz\/wp-json\/wp\/v2\/types\/page"}],"author":[{"embeddable":true,"href":"https:\/\/dondevamos.xyz\/festival-de-la-luz\/wp-json\/wp\/v2\/users\/2"}],"replies":[{"embeddable":true,"href":"https:\/\/dondevamos.xyz\/festival-de-la-luz\/wp-json\/wp\/v2\/comments?post=33"}],"version-history":[{"count":12,"href":"https:\/\/dondevamos.xyz\/festival-de-la-luz\/wp-json\/wp\/v2\/pages\/33\/revisions"}],"predecessor-version":[{"id":246,"href":"https:\/\/dondevamos.xyz\/festival-de-la-luz\/wp-json\/wp\/v2\/pages\/33\/revisions\/246"}],"wp:featuredmedia":[{"embeddable":true,"href":"https:\/\/dondevamos.xyz\/festival-de-la-luz\/wp-json\/wp\/v2\/media\/35"}],"wp:attachment":[{"href":"https:\/\/dondevamos.xyz\/festival-de-la-luz\/wp-json\/wp\/v2\/media?parent=33"}],"curies":[{"name":"wp","href":"https:\/\/api.w.org\/{rel}","templated":true}]}}