{"id":134,"date":"2024-01-26T05:09:33","date_gmt":"2024-01-26T04:09:33","guid":{"rendered":"https:\/\/dondevamos.xyz\/concierto-kany-garcia\/?page_id=134"},"modified":"2024-01-26T05:37:38","modified_gmt":"2024-01-26T04:37:38","slug":"informacion-concierto","status":"publish","type":"page","link":"https:\/\/dondevamos.xyz\/concierto-kany-garcia\/informacion-concierto\/","title":{"rendered":"El concierto de Kany Garc\u00eda"},"content":{"rendered":"\n<h2 class=\"wp-block-heading has-text-align-center\">Informaci\u00f3n del concierto de Kany Garc\u00eda<\/h2>\n\n\n\n<figure class=\"wp-block-image aligncenter size-large is-resized has-custom-border\"><img decoding=\"async\" width=\"1024\" height=\"1024\" data-src=\"https:\/\/dondevamos.xyz\/concierto-kany-garcia\/wp-content\/uploads\/sites\/8\/2024\/01\/kany-garcia-concierto-38-1024x1024.jpg\" alt=\"concierto Kany Garc\u00eda Costa Rica 2024\" class=\"has-border-color has-base-2-border-color wp-image-41 lazyload\" style=\"--smush-placeholder-width: 1024px; --smush-placeholder-aspect-ratio: 1024\/1024;border-width:1px;aspect-ratio:1;object-fit:contain;width:auto;height:300px\" data-srcset=\"https:\/\/dondevamos.xyz\/concierto-kany-garcia\/wp-content\/uploads\/sites\/8\/2024\/01\/kany-garcia-concierto-38-1024x1024.jpg 1024w, https:\/\/dondevamos.xyz\/concierto-kany-garcia\/wp-content\/uploads\/sites\/8\/2024\/01\/kany-garcia-concierto-38-300x300.jpg 300w, https:\/\/dondevamos.xyz\/concierto-kany-garcia\/wp-content\/uploads\/sites\/8\/2024\/01\/kany-garcia-concierto-38-150x150.jpg 150w, https:\/\/dondevamos.xyz\/concierto-kany-garcia\/wp-content\/uploads\/sites\/8\/2024\/01\/kany-garcia-concierto-38-768x768.jpg 768w, https:\/\/dondevamos.xyz\/concierto-kany-garcia\/wp-content\/uploads\/sites\/8\/2024\/01\/kany-garcia-concierto-38.jpg 1500w\" data-sizes=\"(max-width: 1024px) 100vw, 1024px\" src=\"data:image\/svg+xml;base64,PHN2ZyB3aWR0aD0iMSIgaGVpZ2h0PSIxIiB4bWxucz0iaHR0cDovL3d3dy53My5vcmcvMjAwMC9zdmciPjwvc3ZnPg==\" \/><\/figure>\n\n\n\n<p>El pr\u00f3ximo 9 de febrero de 2024, el Anfiteatro Coca-Cola de Parque Viva en Costa Rica se convertir\u00e1 en el escenario de una experiencia musical \u00fanica, con el concierto de Kany Garc\u00eda en Costa Rica. <\/p>\n\n\n\n<p>Este evento promete ser una inmersi\u00f3n profunda en las emociones a trav\u00e9s de la m\u00fasica, y una oportunidad \u00fanica para los amantes de la canci\u00f3n y la poes\u00eda mel\u00f3dica.<\/p>\n\n\n\n<h2 class=\"wp-block-heading\">A qu\u00e9 hora es el concierto de Kany Garc\u00eda?<\/h2>\n\n\n\n<p>El esperado concierto de Kany Garc\u00eda en Parque Viva comienza a las 7 PM. <\/p>\n\n\n\n<figure class=\"wp-block-image aligncenter size-medium\"><img decoding=\"async\" width=\"240\" height=\"300\" data-src=\"https:\/\/dondevamos.xyz\/concierto-kany-garcia\/wp-content\/uploads\/sites\/8\/2024\/01\/kany-garcia-concierto-08-240x300.jpg\" alt=\"horario concierto kany garc\u00eda\" class=\"wp-image-11 lazyload\" data-srcset=\"https:\/\/dondevamos.xyz\/concierto-kany-garcia\/wp-content\/uploads\/sites\/8\/2024\/01\/kany-garcia-concierto-08-240x300.jpg 240w, https:\/\/dondevamos.xyz\/concierto-kany-garcia\/wp-content\/uploads\/sites\/8\/2024\/01\/kany-garcia-concierto-08-819x1024.jpg 819w, https:\/\/dondevamos.xyz\/concierto-kany-garcia\/wp-content\/uploads\/sites\/8\/2024\/01\/kany-garcia-concierto-08-768x960.jpg 768w, https:\/\/dondevamos.xyz\/concierto-kany-garcia\/wp-content\/uploads\/sites\/8\/2024\/01\/kany-garcia-concierto-08.jpg 1152w\" data-sizes=\"(max-width: 240px) 100vw, 240px\" src=\"data:image\/svg+xml;base64,PHN2ZyB3aWR0aD0iMSIgaGVpZ2h0PSIxIiB4bWxucz0iaHR0cDovL3d3dy53My5vcmcvMjAwMC9zdmciPjwvc3ZnPg==\" style=\"--smush-placeholder-width: 240px; --smush-placeholder-aspect-ratio: 240\/300;\" \/><figcaption class=\"wp-element-caption\">Foto: <a href=\"https:\/\/www.facebook.com\/kanygarcia\">Kany Garc\u00eda Facebook<\/a><\/figcaption><\/figure>\n\n\n\n<p>Pero aunque la hora de inicio es a las 7 PM, se recomienda llegar antes, por lo menos menos una hora antes del inicio. Esto porque hay que hacer todo el proceso de ingreso al recinto, que involucra filas y validaci\u00f3n de entradas. <\/p>\n\n\n\n<p>Estos conciertos normalmente tienen una duraci\u00f3n de 2 a 3 horas, por lo que probablemente vaya terminando alrededor de las 10 PM.<\/p>\n\n\n\n<p>Debes tener en cuenta que una vez que termina el concierto, hay que salir de Parque Viva, y llegar adem\u00e1s hasta la autopista. Ese es un proceso que en conciertos grandes incluso ha durado varias horas. <\/p>\n\n\n\n<h2 class=\"wp-block-heading\">C\u00f3mo llegar a Parque Viva<\/h2>\n\n\n\n<p><a href=\"https:\/\/maps.app.goo.gl\/nrNH2uJkwfe2Z6UB7\" target=\"_blank\" rel=\"noreferrer noopener\">Parque Viva<\/a> queda en La Gu\u00e1cima de Alajuela. Si uno va en carro, tiene que tomar la Autopista a Caldera (ruta 27) hasta el cruce de La Gu\u00e1cima. En el cruce se sale, y se cruza el puente, siguiendo hacia el oeste. Y en la Pops de La Gu\u00e1cima se dobla a la derecha hacia el norte, y se sigue hasta la calle de entrada Parque Viva.<\/p>\n\n\n\n<p>En Waze se puede tambi\u00e9n encontrar la direcci\u00f3n para llegar.<\/p>\n\n\n\n<iframe data-src=\"https:\/\/embed.waze.com\/iframe?zoom=16&#038;lat=9.975775&#038;lon=-84.250346&#038;ct=livemap\" width=\"600\" height=\"450\" allowfullscreen src=\"data:image\/svg+xml;base64,PHN2ZyB3aWR0aD0iMSIgaGVpZ2h0PSIxIiB4bWxucz0iaHR0cDovL3d3dy53My5vcmcvMjAwMC9zdmciPjwvc3ZnPg==\" class=\"lazyload\" data-load-mode=\"1\"><\/iframe>\n\n\n\n<h2 class=\"wp-block-heading\">Buses para llegar al concierto de Kany Garc\u00eda<\/h2>\n\n\n\n<p>Transportes Marvi est\u00e1 ofreciendo el servicio de transporte en bus hasta Parque Viva, para el concierto de Kany Garc\u00eda. Hay varios puntos desde donde se puede salir, en San Jos\u00e9, Heredia y Cartago. Los buses salen a las 4 PM, y duran una hora en regresar una vez terminado el evento.<\/p>\n\n\n\n<div class=\"wp-block-buttons is-content-justification-center is-layout-flex wp-container-core-buttons-is-layout-a89b3969 wp-block-buttons-is-layout-flex\">\n<div class=\"wp-block-button has-custom-font-size has-medium-font-size\"><a class=\"wp-block-button__link has-background wp-element-button\" href=\"https:\/\/starticket.cr\/e\/2429\/transporte-kany-garcia\" style=\"background-color:#ffea00\" target=\"_blank\" rel=\"noreferrer noopener nofollow\">COMPRAR TIQUETE DE BUS<\/a><\/div>\n<\/div>\n\n\n\n<figure class=\"wp-block-image size-large\"><img decoding=\"async\" width=\"1024\" height=\"1024\" data-src=\"https:\/\/dondevamos.xyz\/concierto-kany-garcia\/wp-content\/uploads\/sites\/8\/2024\/01\/418932516_18319115824185799_3551828269458239004_n-1024x1024.jpg\" alt=\"buses transporte concierto kany garc\u00eda\" class=\"wp-image-135 lazyload\" data-srcset=\"https:\/\/dondevamos.xyz\/concierto-kany-garcia\/wp-content\/uploads\/sites\/8\/2024\/01\/418932516_18319115824185799_3551828269458239004_n-1024x1024.jpg 1024w, https:\/\/dondevamos.xyz\/concierto-kany-garcia\/wp-content\/uploads\/sites\/8\/2024\/01\/418932516_18319115824185799_3551828269458239004_n-300x300.jpg 300w, https:\/\/dondevamos.xyz\/concierto-kany-garcia\/wp-content\/uploads\/sites\/8\/2024\/01\/418932516_18319115824185799_3551828269458239004_n-150x150.jpg 150w, https:\/\/dondevamos.xyz\/concierto-kany-garcia\/wp-content\/uploads\/sites\/8\/2024\/01\/418932516_18319115824185799_3551828269458239004_n-768x768.jpg 768w, https:\/\/dondevamos.xyz\/concierto-kany-garcia\/wp-content\/uploads\/sites\/8\/2024\/01\/418932516_18319115824185799_3551828269458239004_n.jpg 1200w\" data-sizes=\"(max-width: 1024px) 100vw, 1024px\" src=\"data:image\/svg+xml;base64,PHN2ZyB3aWR0aD0iMSIgaGVpZ2h0PSIxIiB4bWxucz0iaHR0cDovL3d3dy53My5vcmcvMjAwMC9zdmciPjwvc3ZnPg==\" style=\"--smush-placeholder-width: 1024px; --smush-placeholder-aspect-ratio: 1024\/1024;\" \/><\/figure>\n\n\n\n<p>Ir en bus es de las formas m\u00e1s f\u00e1ciles de ir al concierto de Kany Garc\u00eda. Con el bus, uno se evita tener que conducir en las presas camino a Parque Viva, y adem\u00e1s evita tener que preocuparse por el parqueo.<\/p>\n\n\n<figure style=\"aspect-ratio:1;width:350px;\" class=\"wp-block-post-featured-image\"><img decoding=\"async\" width=\"1024\" height=\"1024\" data-src=\"https:\/\/dondevamos.xyz\/concierto-kany-garcia\/wp-content\/uploads\/sites\/8\/2024\/01\/kany-garcia-concierto-17.jpg\" class=\"has-border-color has-base-2-border-color wp-post-image lazyload\" alt=\"concierto kany garc\u00eda costa rica\" style=\"--smush-placeholder-width: 1024px; --smush-placeholder-aspect-ratio: 1024\/1024;border-width:1px;width:100%;height:100%;object-fit:contain;\" data-srcset=\"https:\/\/dondevamos.xyz\/concierto-kany-garcia\/wp-content\/uploads\/sites\/8\/2024\/01\/kany-garcia-concierto-17.jpg 1024w, https:\/\/dondevamos.xyz\/concierto-kany-garcia\/wp-content\/uploads\/sites\/8\/2024\/01\/kany-garcia-concierto-17-300x300.jpg 300w, https:\/\/dondevamos.xyz\/concierto-kany-garcia\/wp-content\/uploads\/sites\/8\/2024\/01\/kany-garcia-concierto-17-150x150.jpg 150w, https:\/\/dondevamos.xyz\/concierto-kany-garcia\/wp-content\/uploads\/sites\/8\/2024\/01\/kany-garcia-concierto-17-768x768.jpg 768w\" data-sizes=\"(max-width: 1024px) 100vw, 1024px\" src=\"data:image\/svg+xml;base64,PHN2ZyB3aWR0aD0iMSIgaGVpZ2h0PSIxIiB4bWxucz0iaHR0cDovL3d3dy53My5vcmcvMjAwMC9zdmciPjwvc3ZnPg==\" \/><\/figure><!-- AddThis Advanced Settings generic via filter on the_content --><!-- AddThis Share Buttons generic via filter on the_content -->","protected":false},"excerpt":{"rendered":"<p>Informaci\u00f3n del concierto de Kany Garc\u00eda El pr\u00f3ximo 9 de febrero de 2024, el Anfiteatro Coca-Cola de Parque Viva en Costa Rica se convertir\u00e1 en el escenario de una experiencia musical \u00fanica, con el concierto de Kany Garc\u00eda en Costa Rica. Este evento promete ser una inmersi\u00f3n profunda en las emociones a trav\u00e9s de la [&hellip;]<!-- AddThis Advanced Settings generic via filter on get_the_excerpt --><!-- AddThis Share Buttons generic via filter on get_the_excerpt --><\/p>\n","protected":false},"author":2,"featured_media":20,"parent":0,"menu_order":0,"comment_status":"closed","ping_status":"closed","template":"","meta":{"footnotes":""},"class_list":["post-134","page","type-page","status-publish","has-post-thumbnail","hentry"],"yoast_head":"<!-- This site is optimized with the Yoast SEO plugin v27.5 - https:\/\/yoast.com\/product\/yoast-seo-wordpress\/ -->\n<title>El concierto de Kany Garc\u00eda - Kany Garc\u00eda en Costa Rica<\/title>\n<meta name=\"description\" content=\"Informaci\u00f3n del concierto: horarios, transporte, y otras cosas importantes que hay que saber de este evento!\" \/>\n<meta name=\"robots\" content=\"index, follow, max-snippet:-1, max-image-preview:large, max-video-preview:-1\" \/>\n<link rel=\"canonical\" href=\"https:\/\/dondevamos.xyz\/concierto-kany-garcia\/informacion-concierto\/\" \/>\n<meta property=\"og:locale\" content=\"es_ES\" \/>\n<meta property=\"og:type\" content=\"article\" \/>\n<meta property=\"og:title\" content=\"El concierto de Kany Garc\u00eda - Kany Garc\u00eda en Costa Rica\" \/>\n<meta property=\"og:description\" content=\"Informaci\u00f3n del concierto: horarios, transporte, y otras cosas importantes que hay que saber de este evento!\" \/>\n<meta property=\"og:url\" content=\"https:\/\/dondevamos.xyz\/concierto-kany-garcia\/informacion-concierto\/\" \/>\n<meta property=\"og:site_name\" content=\"Kany Garc\u00eda en Costa Rica\" \/>\n<meta property=\"article:modified_time\" content=\"2024-01-26T04:37:38+00:00\" \/>\n<meta property=\"og:image\" content=\"https:\/\/dondevamos.xyz\/concierto-kany-garcia\/wp-content\/uploads\/sites\/8\/2024\/01\/kany-garcia-concierto-17.jpg\" \/>\n\t<meta property=\"og:image:width\" content=\"1024\" \/>\n\t<meta property=\"og:image:height\" content=\"1024\" \/>\n\t<meta property=\"og:image:type\" content=\"image\/jpeg\" \/>\n<meta name=\"twitter:card\" content=\"summary_large_image\" \/>\n<meta name=\"twitter:label1\" content=\"Tiempo de lectura\" \/>\n\t<meta name=\"twitter:data1\" content=\"3 minutos\" \/>\n<script type=\"application\/ld+json\" class=\"yoast-schema-graph\">{\"@context\":\"https:\\\/\\\/schema.org\",\"@graph\":[{\"@type\":\"WebPage\",\"@id\":\"https:\\\/\\\/dondevamos.xyz\\\/concierto-kany-garcia\\\/informacion-concierto\\\/\",\"url\":\"https:\\\/\\\/dondevamos.xyz\\\/concierto-kany-garcia\\\/informacion-concierto\\\/\",\"name\":\"El concierto de Kany Garc\u00eda - Kany Garc\u00eda en Costa Rica\",\"isPartOf\":{\"@id\":\"https:\\\/\\\/dondevamos.xyz\\\/concierto-kany-garcia\\\/#website\"},\"primaryImageOfPage\":{\"@id\":\"https:\\\/\\\/dondevamos.xyz\\\/concierto-kany-garcia\\\/informacion-concierto\\\/#primaryimage\"},\"image\":{\"@id\":\"https:\\\/\\\/dondevamos.xyz\\\/concierto-kany-garcia\\\/informacion-concierto\\\/#primaryimage\"},\"thumbnailUrl\":\"https:\\\/\\\/dondevamos.xyz\\\/concierto-kany-garcia\\\/wp-content\\\/uploads\\\/sites\\\/8\\\/2024\\\/01\\\/kany-garcia-concierto-17.jpg\",\"datePublished\":\"2024-01-26T04:09:33+00:00\",\"dateModified\":\"2024-01-26T04:37:38+00:00\",\"description\":\"Informaci\u00f3n del concierto: horarios, transporte, y otras cosas importantes que hay que saber de este evento!\",\"breadcrumb\":{\"@id\":\"https:\\\/\\\/dondevamos.xyz\\\/concierto-kany-garcia\\\/informacion-concierto\\\/#breadcrumb\"},\"inLanguage\":\"es\",\"potentialAction\":[{\"@type\":\"ReadAction\",\"target\":[\"https:\\\/\\\/dondevamos.xyz\\\/concierto-kany-garcia\\\/informacion-concierto\\\/\"]}]},{\"@type\":\"ImageObject\",\"inLanguage\":\"es\",\"@id\":\"https:\\\/\\\/dondevamos.xyz\\\/concierto-kany-garcia\\\/informacion-concierto\\\/#primaryimage\",\"url\":\"https:\\\/\\\/dondevamos.xyz\\\/concierto-kany-garcia\\\/wp-content\\\/uploads\\\/sites\\\/8\\\/2024\\\/01\\\/kany-garcia-concierto-17.jpg\",\"contentUrl\":\"https:\\\/\\\/dondevamos.xyz\\\/concierto-kany-garcia\\\/wp-content\\\/uploads\\\/sites\\\/8\\\/2024\\\/01\\\/kany-garcia-concierto-17.jpg\",\"width\":1024,\"height\":1024,\"caption\":\"Foto: Kany Garc\u00eda Facebook\"},{\"@type\":\"BreadcrumbList\",\"@id\":\"https:\\\/\\\/dondevamos.xyz\\\/concierto-kany-garcia\\\/informacion-concierto\\\/#breadcrumb\",\"itemListElement\":[{\"@type\":\"ListItem\",\"position\":1,\"name\":\"Portada\",\"item\":\"https:\\\/\\\/dondevamos.xyz\\\/concierto-kany-garcia\\\/\"},{\"@type\":\"ListItem\",\"position\":2,\"name\":\"El concierto de Kany Garc\u00eda\"}]},{\"@type\":\"WebSite\",\"@id\":\"https:\\\/\\\/dondevamos.xyz\\\/concierto-kany-garcia\\\/#website\",\"url\":\"https:\\\/\\\/dondevamos.xyz\\\/concierto-kany-garcia\\\/\",\"name\":\"Kany Garc\u00eda en Costa Rica\",\"description\":\"Todo acerca del concierto de Kany Garc\u00eda 2024\",\"potentialAction\":[{\"@type\":\"SearchAction\",\"target\":{\"@type\":\"EntryPoint\",\"urlTemplate\":\"https:\\\/\\\/dondevamos.xyz\\\/concierto-kany-garcia\\\/?s={search_term_string}\"},\"query-input\":{\"@type\":\"PropertyValueSpecification\",\"valueRequired\":true,\"valueName\":\"search_term_string\"}}],\"inLanguage\":\"es\"}]}<\/script>\n<!-- \/ Yoast SEO plugin. -->","yoast_head_json":{"title":"El concierto de Kany Garc\u00eda - Kany Garc\u00eda en Costa Rica","description":"Informaci\u00f3n del concierto: horarios, transporte, y otras cosas importantes que hay que saber de este evento!","robots":{"index":"index","follow":"follow","max-snippet":"max-snippet:-1","max-image-preview":"max-image-preview:large","max-video-preview":"max-video-preview:-1"},"canonical":"https:\/\/dondevamos.xyz\/concierto-kany-garcia\/informacion-concierto\/","og_locale":"es_ES","og_type":"article","og_title":"El concierto de Kany Garc\u00eda - Kany Garc\u00eda en Costa Rica","og_description":"Informaci\u00f3n del concierto: horarios, transporte, y otras cosas importantes que hay que saber de este evento!","og_url":"https:\/\/dondevamos.xyz\/concierto-kany-garcia\/informacion-concierto\/","og_site_name":"Kany Garc\u00eda en Costa Rica","article_modified_time":"2024-01-26T04:37:38+00:00","og_image":[{"width":1024,"height":1024,"url":"https:\/\/dondevamos.xyz\/concierto-kany-garcia\/wp-content\/uploads\/sites\/8\/2024\/01\/kany-garcia-concierto-17.jpg","type":"image\/jpeg"}],"twitter_card":"summary_large_image","twitter_misc":{"Tiempo de lectura":"3 minutos"},"schema":{"@context":"https:\/\/schema.org","@graph":[{"@type":"WebPage","@id":"https:\/\/dondevamos.xyz\/concierto-kany-garcia\/informacion-concierto\/","url":"https:\/\/dondevamos.xyz\/concierto-kany-garcia\/informacion-concierto\/","name":"El concierto de Kany Garc\u00eda - Kany Garc\u00eda en Costa Rica","isPartOf":{"@id":"https:\/\/dondevamos.xyz\/concierto-kany-garcia\/#website"},"primaryImageOfPage":{"@id":"https:\/\/dondevamos.xyz\/concierto-kany-garcia\/informacion-concierto\/#primaryimage"},"image":{"@id":"https:\/\/dondevamos.xyz\/concierto-kany-garcia\/informacion-concierto\/#primaryimage"},"thumbnailUrl":"https:\/\/dondevamos.xyz\/concierto-kany-garcia\/wp-content\/uploads\/sites\/8\/2024\/01\/kany-garcia-concierto-17.jpg","datePublished":"2024-01-26T04:09:33+00:00","dateModified":"2024-01-26T04:37:38+00:00","description":"Informaci\u00f3n del concierto: horarios, transporte, y otras cosas importantes que hay que saber de este evento!","breadcrumb":{"@id":"https:\/\/dondevamos.xyz\/concierto-kany-garcia\/informacion-concierto\/#breadcrumb"},"inLanguage":"es","potentialAction":[{"@type":"ReadAction","target":["https:\/\/dondevamos.xyz\/concierto-kany-garcia\/informacion-concierto\/"]}]},{"@type":"ImageObject","inLanguage":"es","@id":"https:\/\/dondevamos.xyz\/concierto-kany-garcia\/informacion-concierto\/#primaryimage","url":"https:\/\/dondevamos.xyz\/concierto-kany-garcia\/wp-content\/uploads\/sites\/8\/2024\/01\/kany-garcia-concierto-17.jpg","contentUrl":"https:\/\/dondevamos.xyz\/concierto-kany-garcia\/wp-content\/uploads\/sites\/8\/2024\/01\/kany-garcia-concierto-17.jpg","width":1024,"height":1024,"caption":"Foto: Kany Garc\u00eda Facebook"},{"@type":"BreadcrumbList","@id":"https:\/\/dondevamos.xyz\/concierto-kany-garcia\/informacion-concierto\/#breadcrumb","itemListElement":[{"@type":"ListItem","position":1,"name":"Portada","item":"https:\/\/dondevamos.xyz\/concierto-kany-garcia\/"},{"@type":"ListItem","position":2,"name":"El concierto de Kany Garc\u00eda"}]},{"@type":"WebSite","@id":"https:\/\/dondevamos.xyz\/concierto-kany-garcia\/#website","url":"https:\/\/dondevamos.xyz\/concierto-kany-garcia\/","name":"Kany Garc\u00eda en Costa Rica","description":"Todo acerca del concierto de Kany Garc\u00eda 2024","potentialAction":[{"@type":"SearchAction","target":{"@type":"EntryPoint","urlTemplate":"https:\/\/dondevamos.xyz\/concierto-kany-garcia\/?s={search_term_string}"},"query-input":{"@type":"PropertyValueSpecification","valueRequired":true,"valueName":"search_term_string"}}],"inLanguage":"es"}]}},"_links":{"self":[{"href":"https:\/\/dondevamos.xyz\/concierto-kany-garcia\/wp-json\/wp\/v2\/pages\/134","targetHints":{"allow":["GET"]}}],"collection":[{"href":"https:\/\/dondevamos.xyz\/concierto-kany-garcia\/wp-json\/wp\/v2\/pages"}],"about":[{"href":"https:\/\/dondevamos.xyz\/concierto-kany-garcia\/wp-json\/wp\/v2\/types\/page"}],"author":[{"embeddable":true,"href":"https:\/\/dondevamos.xyz\/concierto-kany-garcia\/wp-json\/wp\/v2\/users\/2"}],"replies":[{"embeddable":true,"href":"https:\/\/dondevamos.xyz\/concierto-kany-garcia\/wp-json\/wp\/v2\/comments?post=134"}],"version-history":[{"count":2,"href":"https:\/\/dondevamos.xyz\/concierto-kany-garcia\/wp-json\/wp\/v2\/pages\/134\/revisions"}],"predecessor-version":[{"id":137,"href":"https:\/\/dondevamos.xyz\/concierto-kany-garcia\/wp-json\/wp\/v2\/pages\/134\/revisions\/137"}],"wp:featuredmedia":[{"embeddable":true,"href":"https:\/\/dondevamos.xyz\/concierto-kany-garcia\/wp-json\/wp\/v2\/media\/20"}],"wp:attachment":[{"href":"https:\/\/dondevamos.xyz\/concierto-kany-garcia\/wp-json\/wp\/v2\/media?parent=134"}],"curies":[{"name":"wp","href":"https:\/\/api.w.org\/{rel}","templated":true}]}}